{"id":13,"date":"2026-04-28T22:20:00","date_gmt":"2026-04-28T20:20:00","guid":{"rendered":"https:\/\/trycholog-kosmetolog.turek.pl\/?page_id=13"},"modified":"2026-04-29T17:29:43","modified_gmt":"2026-04-29T15:29:43","slug":"strona-glowna","status":"publish","type":"page","link":"https:\/\/trycholog-kosmetolog.turek.pl\/","title":{"rendered":"Trycholog kosmetolog Turek &#8211; zdrowa sk\u00f3ra i pi\u0119kne w\u0142osy"},"content":{"rendered":"\n<p class=\"has-large-font-size\">Trychologia i Kosmetologia Magdalena Brzozowska<\/p>\n\n\n\n<p class=\"has-background has-large-font-size\" style=\"border-top-left-radius:0px;border-top-right-radius:0px;border-bottom-left-radius:0px;border-bottom-right-radius:0px;background-color:#c8b6a6\">Poznaj mnie bli\u017cej<\/p>\n\n\n\n<p class=\"has-ast-global-color-8-color has-text-color has-background has-link-color wp-elements-77456299530fdca4eb5220648a0fdbf5\" style=\"background-color:#f7f5f2\">Jestem magistrem kosmetologii oraz dyplomowanym trychologiem, a swoj\u0105 drog\u0119 zawodow\u0105 od pocz\u0105tku konsekwentnie rozwijam w kierunku holistycznego podej\u015bcia do zdrowia sk\u00f3ry i w\u0142os\u00f3w. Studia podyplomowe z zakresu trychologii uko\u0144czy\u0142am bezpo\u015brednio po studiach magisterskich z kosmetologii medycznej, co pozwoli\u0142o mi p\u0142ynnie po\u0142\u0105czy\u0107 obie dziedziny i spojrze\u0107 na problemy pacjent\u00f3w w spos\u00f3b kompleksowy.<\/p>\n\n\n\n<p class=\"has-ast-global-color-8-color has-text-color has-background has-link-color wp-elements-dfc183545c3f6647b069166fafb8cab1\" style=\"background-color:#f7f5f2\"> Swoj\u0105 wiedz\u0119 poszerzy\u0142am r\u00f3wnie\u017c, ko\u0144cz\u0105c III-stopniow\u0105 Akademi\u0119 Trychologii Funkcjonalnej i uzyskuj\u0105c tytu\u0142 Eksperta Trychologii Funkcjonalnej. Dzi\u0119ki temu w swojej pracy uwzgl\u0119dniam nie tylko objawy, ale r\u00f3wnie\u017c przyczyny problem\u00f3w, skupiaj\u0105c si\u0119 na organizmie jako ca\u0142o\u015bci.<\/p>\n\n\n\n<p class=\"has-background\" style=\"background-color:#f7f5f2;margin-top:0;margin-right:0;margin-bottom:0;margin-left:0;padding-top:0\"> Od 2018 roku nieprzerwanie pracuj\u0119 w zawodzie kosmetologa, a od 2021 roku specjalizuj\u0119 si\u0119 tak\u017ce w trychologii. Ka\u017cdego dnia \u0142\u0105cz\u0119 do\u015bwiadczenie praktyczne z aktualn\u0105 wiedz\u0105, kt\u00f3r\u0105 stale rozwijam poprzez udzia\u0142 w szkoleniach bran\u017cowych, konferencjach oraz regularne studiowanie literatury specjalistycznej.<\/p>\n\n\n\n<p class=\"has-background\" style=\"background-color:#f7f5f2\"> Moja praca jest jednocze\u015bnie moj\u0105 pasj\u0105. Uwielbiam to, co robi\u0119, a najwi\u0119ksz\u0105 satysfakcj\u0119 daje mi mo\u017cliwo\u015b\u0107 realnej pomocy oraz obserwowanie efekt\u00f3w terapii u moich klient\u00f3w. Do ka\u017cdej osoby podchodz\u0119 indywidualnie, z pe\u0142nym zaanga\u017cowaniem i trosk\u0105 o jej potrzeby<\/p>\n\n\n\n<p class=\"has-background\" style=\"background-color:#f7f5f2\">Prowadz\u0119 gabinet trychologiczno &#8211; kosmetologiczny w Turku.<\/p>\n\n\n\n<p class=\"has-background\" style=\"background-color:#f7f5f2\">Jestem trychologiem w Turku i pomagam w problemach sk\u00f3ry g\u0142owy oraz w\u0142os\u00f3w.<\/p>\n\n\n\n<p class=\"has-background has-medium-font-size\" style=\"border-radius:65px;background-color:#efeae4\"><strong>Indywidualne zabiegi z zakresu trychologii i kosmetologii, dopasowane do potrzeb Twojej sk\u00f3ry i w\u0142os\u00f3w.<\/strong><\/p>\n\n\n\n<p><\/p>\n\n\n\n<div class=\"wp-block-cover is-light has-aspect-ratio\" style=\"border-top-left-radius:0px;border-top-right-radius:0px;border-bottom-left-radius:0px;border-bottom-right-radius:0px;aspect-ratio:3\/4;min-height:unset;\"><img loading=\"lazy\" decoding=\"async\" width=\"683\" height=\"1024\" class=\"wp-block-cover__image-background wp-image-11 size-large\" alt=\"\" src=\"https:\/\/trycholog-kosmetolog.turek.pl\/wp-content\/uploads\/2026\/04\/d59d6f7f-dbee-420a-87a5-ec32d158bee8-683x1024.png\" style=\"object-position:50% 51%\" data-object-fit=\"cover\" data-object-position=\"50% 51%\" srcset=\"https:\/\/trycholog-kosmetolog.turek.pl\/wp-content\/uploads\/2026\/04\/d59d6f7f-dbee-420a-87a5-ec32d158bee8-683x1024.png 683w, https:\/\/trycholog-kosmetolog.turek.pl\/wp-content\/uploads\/2026\/04\/d59d6f7f-dbee-420a-87a5-ec32d158bee8-200x300.png 200w, https:\/\/trycholog-kosmetolog.turek.pl\/wp-content\/uploads\/2026\/04\/d59d6f7f-dbee-420a-87a5-ec32d158bee8-768x1152.png 768w, https:\/\/trycholog-kosmetolog.turek.pl\/wp-content\/uploads\/2026\/04\/d59d6f7f-dbee-420a-87a5-ec32d158bee8.png 1024w\" sizes=\"auto, (max-width: 683px) 100vw, 683px\" \/><span aria-hidden=\"true\" class=\"wp-block-cover__background has-ast-global-color-8-background-color has-background-dim-30 has-background-dim\"><\/span><div class=\"wp-block-cover__inner-container is-layout-constrained wp-block-cover-is-layout-constrained\">\n<p><\/p>\n\n\n\n<p><\/p>\n\n\n\n<p><\/p>\n\n\n\n<p><\/p>\n\n\n\n<p><\/p>\n\n\n\n<p><\/p>\n\n\n\n<p><\/p>\n\n\n\n<p><\/p>\n\n\n\n<p><\/p>\n\n\n\n<h2 class=\"wp-block-heading has-text-align-center has-ast-global-color-4-color has-text-color has-link-color has-large-font-size wp-elements-6b5e2de21ce2ba738ee1a0572a9c3430\">Trychologia i Kosmetologia Magdalena Brzozowska<\/h2>\n\n\n\n<p><\/p>\n\n\n\n<p><\/p>\n\n\n\n<p><\/p>\n\n\n\n<p><\/p>\n\n\n\n<p><\/p>\n\n\n\n<p><\/p>\n\n\n\n<p class=\"has-text-align-center has-ast-global-color-4-color has-text-color has-link-color has-medium-font-size wp-elements-882d6f4382a81497467d7d513631b142\"><strong>Zdrowa sk\u00f3ra g\u0142owy \u2022 Pi\u0119kne w\u0142osy \u2022<\/strong> <strong>\u015awiadoma piel\u0119gnacja<\/strong><\/p>\n\n\n\n<p class=\"has-text-align-center has-ast-global-color-4-color has-text-color has-link-color has-medium-font-size wp-elements-35fae68eed5ac6569b2dbbc5d64fb1da\">Indywidualne podej\u015bcie \u2022 Holistyczna piel\u0119gnacja \u2022 Widoczne efekty<\/p>\n<\/div><\/div>\n\n\n\n<p><\/p>\n\n\n\n<p><\/p>\n\n\n\n<h2 class=\"wp-block-heading has-background has-large-font-size\" style=\"background-color:#c8b6a6\">Oferta<\/h2>\n\n\n\n<ul class=\"wp-block-list\">\n<li class=\"has-ast-global-color-8-color has-text-color has-link-color has-medium-font-size wp-elements-3ac3dcb77f0fcfc74b68c93d51cbe9c6\" style=\"border-radius:50px\"><strong>Trychologia<\/strong><\/li>\n\n\n\n<li class=\"has-background\" style=\"background-color:#f7f5f2;padding-top:var(--wp--preset--spacing--20);padding-bottom:var(--wp--preset--spacing--20)\">Konsultacje trychologiczne oraz szczeg\u00f3\u0142owa analiza sk\u00f3ry g\u0142owy i w\u0142os\u00f3w<\/li>\n\n\n\n<li class=\"has-background\" style=\"background-color:#f7f5f2;padding-top:var(--wp--preset--spacing--20);padding-bottom:var(--wp--preset--spacing--20)\">Terapie przeciw wypadaniu w\u0142os\u00f3w<\/li>\n\n\n\n<li class=\"has-background\" style=\"background-color:#f7f5f2;padding-top:var(--wp--preset--spacing--20);padding-bottom:var(--wp--preset--spacing--20)\">Zabiegi oczyszczaj\u0105ce sk\u00f3r\u0119 g\u0142owy, regeneruj\u0105ce i stymuluj\u0105ce wzrost w\u0142os\u00f3w<\/li>\n\n\n\n<li class=\"has-background\" style=\"background-color:#f7f5f2;padding-top:var(--wp--preset--spacing--20);padding-bottom:var(--wp--preset--spacing--20)\">Indywidualne plany piel\u0119gnacyjne<\/li>\n<\/ul>\n\n\n\n<ul class=\"wp-block-list\">\n<li class=\"has-ast-global-color-8-color has-text-color has-link-color has-medium-font-size wp-elements-ddd0302142995fd997822af25d3950e4\"><strong>Rytua\u0142y Head SPA<\/strong><\/li>\n\n\n\n<li class=\"has-background\" style=\"background-color:#f7f5f2;padding-top:var(--wp--preset--spacing--30);padding-bottom:var(--wp--preset--spacing--30)\">Relaksacyjne rytua\u0142y piel\u0119gnacyjne sk\u00f3ry g\u0142owy i w\u0142os\u00f3w<\/li>\n\n\n\n<li class=\"has-background\" style=\"background-color:#f7f5f2;padding-top:var(--wp--preset--spacing--30);padding-bottom:var(--wp--preset--spacing--30)\">Zabiegi \u0142\u0105cz\u0105ce piel\u0119gnacj\u0119 z g\u0142\u0119bokim odpr\u0119\u017ceniem<\/li>\n\n\n\n<li class=\"has-background\" style=\"background-color:#f7f5f2;padding-top:var(--wp--preset--spacing--30);padding-bottom:var(--wp--preset--spacing--30)\">Terapie poprawiaj\u0105ce kondycj\u0119 sk\u00f3ry g\u0142owy i w\u0142os\u00f3w <\/li>\n<\/ul>\n\n\n\n<ul class=\"wp-block-list\">\n<li class=\"has-ast-global-color-8-color has-text-color has-link-color has-medium-font-size wp-elements-6bffb68791804d3dca2b928d879cc63e\"><strong>Kosmetologia <\/strong><\/li>\n\n\n\n<li class=\"has-background\" style=\"background-color:#f7f5f2;padding-top:var(--wp--preset--spacing--20);padding-bottom:var(--wp--preset--spacing--20)\">Zabiegi oczyszczaj\u0105ce, nawil\u017caj\u0105ce, regeneruj\u0105ce i przeciwstarzeniowe, poprawiaj\u0105ce kondycj\u0119 i wygl\u0105d sk\u00f3ry<\/li>\n\n\n\n<li class=\"has-background\" style=\"background-color:#f7f5f2\">zabiegi odbudowuj\u0105ce barier\u0119 hydrolipidow\u0105 i wspieraj\u0105ce mikrobiom sk\u00f3ry<\/li>\n\n\n\n<li class=\"has-background\" style=\"background-color:#f7f5f2;padding-top:var(--wp--preset--spacing--20);padding-bottom:var(--wp--preset--spacing--20)\">peelingi chemiczne<\/li>\n\n\n\n<li class=\"has-background\" style=\"background-color:#f7f5f2;padding-top:var(--wp--preset--spacing--20);padding-bottom:var(--wp--preset--spacing--20)\">korea\u0144skie terapie sk\u00f3rne<\/li>\n\n\n\n<li class=\"has-background\" style=\"background-color:#f7f5f2;padding-top:var(--wp--preset--spacing--20);padding-bottom:var(--wp--preset--spacing--20)\">masa\u017c Kobido &#8211; japo\u0144ski lifting twarzy<\/li>\n\n\n\n<li class=\"has-background\" style=\"background-color:#f7f5f2;padding-top:var(--wp--preset--spacing--20);padding-bottom:var(--wp--preset--spacing--20)\">indywidualnie dobrane rytua\u0142y piel\u0119gnacyjne<\/li>\n<\/ul>\n\n\n\n<ul class=\"wp-block-list\">\n<li class=\"has-medium-font-size\"><strong>Ka\u017cdy zabieg poprzedzony jest konsultacj\u0105 i dobierany indywidualnie do potrzeb sk\u00f3ry oraz problemu klienta.<\/strong><\/li>\n<\/ul>\n\n\n\n<p><\/p>\n\n\n\n<h2 class=\"wp-block-heading has-background\" style=\"border-top-left-radius:0px;border-top-right-radius:0px;border-bottom-left-radius:0px;border-bottom-right-radius:0px;background-color:#c8b6a6;padding-right:var(--wp--preset--spacing--30);padding-left:var(--wp--preset--spacing--30)\">         UM\u00d3W WIZYT\u0118:<\/h2>\n\n\n\n<ul class=\"wp-block-list\">\n<li class=\"has-background\" style=\"background-color:#f7f5f2;padding-top:var(--wp--preset--spacing--20);padding-bottom:var(--wp--preset--spacing--20)\">Ul. Stanis\u0142awa Wojciechowskiego, 62-700 Turek<\/li>\n\n\n\n<li class=\"has-background\" style=\"background-color:#f7f5f2;padding-top:var(--wp--preset--spacing--20);padding-bottom:var(--wp--preset--spacing--20)\">tel. 785 656 280<\/li>\n\n\n\n<li class=\"has-background\" style=\"background-color:#f7f5f2;padding-top:var(--wp--preset--spacing--20);padding-bottom:var(--wp--preset--spacing--20)\">E-mail: trychologiaikosmetologia@wp.pl<\/li>\n\n\n\n<li class=\"has-background\" style=\"background-color:#f7f5f2;padding-top:var(--wp--preset--spacing--20);padding-bottom:var(--wp--preset--spacing--20)\">Rezerwacje online booksy: Trychologia i Kosmetologia Magdalena Brzozowska<\/li>\n<\/ul>\n\n\n\n<p class=\"has-ast-global-color-4-background-color has-background has-medium-font-size\" style=\"padding-top:var(--wp--preset--spacing--20);padding-bottom:var(--wp--preset--spacing--20)\"><strong>Zapraszam do rezerwacji wizyt telefonicznie oraz online &#8211; wybierz dogodny dla siebie termin i zadbaj o swoje w\u0142osy oraz sk\u00f3r\u0119 w mi\u0142ej i profesjonalnej atmosferze.<\/strong><\/p>\n\n\n\n<h2 class=\"wp-block-heading has-background\" style=\"background-color:#efeae4\">Dlaczego warto wybra\u0107 mnie<\/h2>\n\n\n\n<p class=\"has-background\" style=\"background-color:#f7f5f2\"><strong>Indywidualne podej\u015bcie<\/strong><br>Ka\u017cdy plan terapii i piel\u0119gnacji dopasowuj\u0119 do Twoich potrzeb oraz problem\u00f3w sk\u00f3ry i w\u0142os\u00f3w.<\/p>\n\n\n\n<p class=\"has-background\" style=\"background-color:#f7f5f2\"><strong>Holistyczne spojrzenie<\/strong><br>Skupiam si\u0119 nie tylko na objawach, ale r\u00f3wnie\u017c na przyczynach, analizuj\u0105c organizm jako ca\u0142o\u015b\u0107.<\/p>\n\n\n\n<p class=\"has-background\" style=\"background-color:#f7f5f2\"><strong>Do\u015bwiadczenie i wiedza<\/strong><br>Od 2018 roku pracuj\u0119 w zawodzie kosmetologa, a od 2021 specjalizuj\u0119 si\u0119 r\u00f3wnie\u017c w trychologii.<\/p>\n\n\n\n<p class=\"has-background\" style=\"background-color:#f7f5f2\"><strong>Ci\u0105g\u0142y rozw\u00f3j<\/strong><br>Regularnie uczestnicz\u0119 w szkoleniach i stale poszerzam swoj\u0105 wiedz\u0119, aby zapewni\u0107 najwy\u017csz\u0105 jako\u015b\u0107 us\u0142ug.<\/p>\n\n\n\n<p class=\"has-background\" style=\"background-color:#f7f5f2\"><strong>Nowoczesne terapie<\/strong><br>Korzystam z zaawansowanych metod i sprawdzonych zabieg\u00f3w, kt\u00f3re przynosz\u0105 realne efekty.<\/p>\n\n\n\n<p class=\"has-background\" style=\"background-color:#f7f5f2\"><strong>Pasja i zaanga\u017cowanie<\/strong><br>Uwielbiam swoj\u0105 prac\u0119 i z pe\u0142nym zaanga\u017cowaniem dbam o komfort oraz rezultaty moich klient\u00f3w.<\/p>\n\n\n\n<p><\/p>\n\n\n\n<p><\/p>\n\n\n\n<p><\/p>\n\n\n\n<h2 class=\"wp-block-heading has-background\" style=\"background-color:#c8b6a6;padding-top:var(--wp--preset--spacing--50);padding-bottom:var(--wp--preset--spacing--50)\">Um\u00f3w wizyt\u0119<\/h2>\n\n\n\n<p><\/p>\n\n\n\n<p style=\"margin-top:var(--wp--preset--spacing--40);margin-right:0;margin-bottom:var(--wp--preset--spacing--40);margin-left:0\"><strong>Zadbaj o zdrowie swojej sk\u00f3ry g\u0142owy i w\u0142os\u00f3w w profesjonalnej, spokojnej atmosferze. Wybierz dogodny termin i rozpocznij swoj\u0105 \u015bwiadom\u0105 piel\u0119gnacj\u0119 u do\u015bwiadczonego trychologa &#8211; kosmetologa w Turku,  ju\u017c dzi\u015b.<\/strong><\/p>\n\n\n\n<p style=\"margin-top:var(--wp--preset--spacing--30);margin-bottom:var(--wp--preset--spacing--30)\"><\/p>\n\n\n\n<div class=\"wp-block-buttons is-layout-flex wp-block-buttons-is-layout-flex\">\n<div class=\"wp-block-button is-style-outline is-style-outline--1\"><a class=\"wp-block-button__link has-white-color has-ast-global-color-8-background-color has-text-color has-background has-link-color has-medium-font-size has-text-align-left has-custom-font-size wp-element-button\" href=\"https:\/\/trychologiaikosmetologiamagdalenabrzozowska.booksy.com\/a\" style=\"border-style:none;border-width:0px;border-radius:60px\">KLIKNIJ TUTAJ i um\u00f3w wizyt\u0119 online: trychologiaikosmetologiamagdalenabrzozowska.booksy.com\/a<\/a><\/div>\n<\/div>\n\n\n\n<p class=\"has-ast-global-color-4-background-color has-background\">Trycholog Turek, Kosmetolog Turek, wypadanie w\u0142os\u00f3w, sk\u00f3ra g\u0142owy, zdrowe w\u0142osy<\/p>\n\n\n\n<p><\/p>\n","protected":false},"excerpt":{"rendered":"<p>Trychologia i Kosmetologia Magdalena Brzozowska Poznaj mnie bli\u017cej Jestem magistrem kosmetologii oraz dyplomowanym trychologiem, a swoj\u0105 drog\u0119 zawodow\u0105 od pocz\u0105tku [&hellip;]<\/p>\n","protected":false},"author":1,"featured_media":0,"parent":0,"menu_order":0,"comment_status":"closed","ping_status":"closed","template":"","meta":{"site-sidebar-layout":"default","site-content-layout":"","ast-site-content-layout":"default","site-content-style":"default","site-sidebar-style":"default","ast-global-header-display":"","ast-banner-title-visibility":"","ast-main-header-display":"","ast-hfb-above-header-display":"","ast-hfb-below-header-display":"","ast-hfb-mobile-header-display":"","site-post-title":"","ast-breadcrumbs-content":"","ast-featured-img":"","footer-sml-layout":"","ast-disable-related-posts":"","theme-transparent-header-meta":"","adv-header-id-meta":"","stick-header-meta":"","header-above-stick-meta":"","header-main-stick-meta":"","header-below-stick-meta":"","astra-migrate-meta-layouts":"default","ast-page-background-enabled":"default","ast-page-background-meta":{"desktop":{"background-color":"var(--ast-global-color-5)","background-image":"","background-repeat":"repeat","background-position":"center center","background-size":"auto","background-attachment":"scroll","background-type":"","background-media":"","overlay-type":"","overlay-color":"","overlay-opacity":"","overlay-gradient":""},"tablet":{"background-color":"","background-image":"","background-repeat":"repeat","background-position":"center center","background-size":"auto","background-attachment":"scroll","background-type":"","background-media":"","overlay-type":"","overlay-color":"","overlay-opacity":"","overlay-gradient":""},"mobile":{"background-color":"","background-image":"","background-repeat":"repeat","background-position":"center center","background-size":"auto","background-attachment":"scroll","background-type":"","background-media":"","overlay-type":"","overlay-color":"","overlay-opacity":"","overlay-gradient":""}},"ast-content-background-meta":{"desktop":{"background-color":"var(--ast-global-color-4)","background-image":"","background-repeat":"repeat","background-position":"center center","background-size":"auto","background-attachment":"scroll","background-type":"","background-media":"","overlay-type":"","overlay-color":"","overlay-opacity":"","overlay-gradient":""},"tablet":{"background-color":"var(--ast-global-color-4)","background-image":"","background-repeat":"repeat","background-position":"center center","background-size":"auto","background-attachment":"scroll","background-type":"","background-media":"","overlay-type":"","overlay-color":"","overlay-opacity":"","overlay-gradient":""},"mobile":{"background-color":"var(--ast-global-color-4)","background-image":"","background-repeat":"repeat","background-position":"center center","background-size":"auto","background-attachment":"scroll","background-type":"","background-media":"","overlay-type":"","overlay-color":"","overlay-opacity":"","overlay-gradient":""}},"footnotes":""},"class_list":["post-13","page","type-page","status-publish","hentry"],"_links":{"self":[{"href":"https:\/\/trycholog-kosmetolog.turek.pl\/index.php?rest_route=\/wp\/v2\/pages\/13","targetHints":{"allow":["GET"]}}],"collection":[{"href":"https:\/\/trycholog-kosmetolog.turek.pl\/index.php?rest_route=\/wp\/v2\/pages"}],"about":[{"href":"https:\/\/trycholog-kosmetolog.turek.pl\/index.php?rest_route=\/wp\/v2\/types\/page"}],"author":[{"embeddable":true,"href":"https:\/\/trycholog-kosmetolog.turek.pl\/index.php?rest_route=\/wp\/v2\/users\/1"}],"replies":[{"embeddable":true,"href":"https:\/\/trycholog-kosmetolog.turek.pl\/index.php?rest_route=%2Fwp%2Fv2%2Fcomments&post=13"}],"version-history":[{"count":23,"href":"https:\/\/trycholog-kosmetolog.turek.pl\/index.php?rest_route=\/wp\/v2\/pages\/13\/revisions"}],"predecessor-version":[{"id":48,"href":"https:\/\/trycholog-kosmetolog.turek.pl\/index.php?rest_route=\/wp\/v2\/pages\/13\/revisions\/48"}],"wp:attachment":[{"href":"https:\/\/trycholog-kosmetolog.turek.pl\/index.php?rest_route=%2Fwp%2Fv2%2Fmedia&parent=13"}],"curies":[{"name":"wp","href":"https:\/\/api.w.org\/{rel}","templated":true}]}}